{"version":"1.0","provider_name":"Mas Gener\u00f3s","provider_url":"https:\/\/www.masgeneros.com\/fr\/","title":"Pr\u00e9-inauguration de Mas Gener\u00f3s. - Mas Gener\u00f3s","type":"rich","width":600,"height":338,"html":"<blockquote class=\"wp-embedded-content\" data-secret=\"s1ZFcjbjar\"><a href=\"https:\/\/www.masgeneros.com\/fr\/pre-inauguration-de-mas-generos\/\">Pr\u00e9-inauguration de Mas Gener\u00f3s.<\/a><\/blockquote><iframe sandbox=\"allow-scripts\" security=\"restricted\" src=\"https:\/\/www.masgeneros.com\/fr\/pre-inauguration-de-mas-generos\/embed\/#?secret=s1ZFcjbjar\" width=\"600\" height=\"338\" title=\"\u00ab\u00a0Pr\u00e9-inauguration de Mas Gener\u00f3s.\u00a0\u00bb &#8212; Mas Gener\u00f3s\" data-secret=\"s1ZFcjbjar\" frameborder=\"0\" marginwidth=\"0\" marginheight=\"0\" scrolling=\"no\" class=\"wp-embedded-content\"><\/iframe><script type=\"text\/javascript\">\n\/* <![CDATA[ *\/\n\/*! This file is auto-generated *\/\n!function(d,l){\"use strict\";l.querySelector&&d.addEventListener&&\"undefined\"!=typeof URL&&(d.wp=d.wp||{},d.wp.receiveEmbedMessage||(d.wp.receiveEmbedMessage=function(e){var t=e.data;if((t||t.secret||t.message||t.value)&&!\/[^a-zA-Z0-9]\/.test(t.secret)){for(var s,r,n,a=l.querySelectorAll('iframe[data-secret=\"'+t.secret+'\"]'),o=l.querySelectorAll('blockquote[data-secret=\"'+t.secret+'\"]'),c=new RegExp(\"^https?:$\",\"i\"),i=0;i<o.length;i++)o[i].style.display=\"none\";for(i=0;i<a.length;i++)s=a[i],e.source===s.contentWindow&&(s.removeAttribute(\"style\"),\"height\"===t.message?(1e3<(r=parseInt(t.value,10))?r=1e3:~~r<200&&(r=200),s.height=r):\"link\"===t.message&&(r=new URL(s.getAttribute(\"src\")),n=new URL(t.value),c.test(n.protocol))&&n.host===r.host&&l.activeElement===s&&(d.top.location.href=t.value))}},d.addEventListener(\"message\",d.wp.receiveEmbedMessage,!1),l.addEventListener(\"DOMContentLoaded\",function(){for(var e,t,s=l.querySelectorAll(\"iframe.wp-embedded-content\"),r=0;r<s.length;r++)(t=(e=s[r]).getAttribute(\"data-secret\"))||(t=Math.random().toString(36).substring(2,12),e.src+=\"#?secret=\"+t,e.setAttribute(\"data-secret\",t)),e.contentWindow.postMessage({message:\"ready\",secret:t},\"*\")},!1)))}(window,document);\n\/\/# sourceURL=https:\/\/www.masgeneros.com\/wp-includes\/js\/wp-embed.min.js\n\/* ]]> *\/\n<\/script>\n","thumbnail_url":"https:\/\/www.masgeneros.com\/wp-content\/uploads\/2020\/03\/P1010288-scaled-1.jpg","thumbnail_width":2560,"thumbnail_height":1920,"description":"4 Octobre 2019 Soir\u00e9e d\u2019automne. Pr\u00e9-inauguration de Mas Gener\u00f3s. Gr\u00e2ce \u00e0 la capacit\u00e9 de convocation de notre voisin Luis Conde, entrepreneur catalan, Fonteta se transforme tous les automnes en un lieu de rencontres essentiel pour la soci\u00e9t\u00e9 civile catalane. Lors [&hellip;]"}